{"id":6283,"date":"2026-01-07T15:35:56","date_gmt":"2026-01-07T14:35:56","guid":{"rendered":"https:\/\/4tutti.pl\/?page_id=6283"},"modified":"2026-02-05T15:45:38","modified_gmt":"2026-02-05T14:45:38","slug":"oboz-letni-2026","status":"publish","type":"page","link":"https:\/\/4tutti.pl\/?page_id=6283","title":{"rendered":"OB\u00d3Z LETNI 2026"},"content":{"rendered":"<p><strong>Ob\u00f3z letni \u201eLetni CAMP\u201d 2026 !<\/strong><\/p>\n<p>Pakujcie walizki, bo szykuje si\u0119 prawdziwa letnia przygoda!<br \/>\nW dniach <em><strong>9\u201317 sierpnia<\/strong><\/em> jedziemy na ob\u00f3z letni do &#8230;&#8230;&nbsp; JAROS\u0141AWCA&nbsp;<\/p>\n<p>Czeka nas:&nbsp;<\/p>\n<p><img loading=\"lazy\" decoding=\"async\" class=\"an1\" draggable=\"false\" src=\"https:\/\/fonts.gstatic.com\/s\/e\/notoemoji\/16.0\/2600_fe0f\/72.png\" alt=\"\u2600\ufe0f\" width=\"20\" height=\"20\" data-emoji=\"\u2600\ufe0f\" aria-label=\"\u2600\ufe0f\">&nbsp;s\u0142o\u0144ce i morski klimat<br \/>\n<img loading=\"lazy\" decoding=\"async\" class=\"an1\" draggable=\"false\" src=\"https:\/\/fonts.gstatic.com\/s\/e\/notoemoji\/16.0\/1f3d6_fe0f\/72.png\" alt=\"\ud83c\udfd6\ufe0f\" width=\"21\" height=\"21\" data-emoji=\"\ud83c\udfd6\ufe0f\" aria-label=\"\ud83c\udfd6\ufe0f\">&nbsp;pla\u017ca, piasek i wakacyjny luz<br \/>\n<img loading=\"lazy\" decoding=\"async\" class=\"an1\" draggable=\"false\" src=\"https:\/\/fonts.gstatic.com\/s\/e\/notoemoji\/16.0\/1f483\/72.png\" alt=\"\ud83d\udc83\" width=\"20\" height=\"20\" data-emoji=\"\ud83d\udc83\" aria-label=\"\ud83d\udc83\">&nbsp;ruch, energia i \u015bwietna zabawa<br \/>\n<img loading=\"lazy\" decoding=\"async\" class=\"an1\" draggable=\"false\" src=\"https:\/\/fonts.gstatic.com\/s\/e\/notoemoji\/16.0\/1f60e\/72.png\" alt=\"\ud83d\ude0e\" width=\"21\" height=\"21\" data-emoji=\"\ud83d\ude0e\" aria-label=\"\ud83d\ude0e\">&nbsp;niezapomniane wspomnienia i letni vibe<\/p>\n<p>Szczeg\u00f3\u0142y programu, nocleg\u00f3w i atrakcji ju\u017c niebawem, ale jedno jest pewne \u2013 b\u0119dzie si\u0119 dzia\u0142o!<\/p>\n<p>&nbsp;Zarezerwujcie ten termin ju\u017c teraz \u2013 <em><strong>Wystrza\u0142owe Wakacje<\/strong><\/em>&nbsp;nad morzem czekaj\u0105!<\/p>\n","protected":false},"excerpt":{"rendered":"<p>Ob\u00f3z letni \u201eLetni CAMP\u201d 2026 ! Pakujcie walizki, bo szykuje si\u0119 prawdziwa letnia przygoda! W dniach 9\u201317 sierpnia jedziemy na ob\u00f3z letni do &#8230;&#8230;&nbsp; JAROS\u0141AWCA&nbsp; Czeka nas:&nbsp; &nbsp;s\u0142o\u0144ce i morski klimat &nbsp;pla\u017ca, piasek i wakacyjny luz &nbsp;ruch, energia i \u015bwietna zabawa &nbsp;niezapomniane wspomnienia i letni vibe Szczeg\u00f3\u0142y programu, nocleg\u00f3w i atrakcji ju\u017c niebawem, ale jedno [&hellip;]<\/p>\n","protected":false},"author":2,"featured_media":4346,"parent":2609,"menu_order":0,"comment_status":"closed","ping_status":"closed","template":"","meta":{"ngg_post_thumbnail":0,"footnotes":""},"class_list":["post-6283","page","type-page","status-publish","has-post-thumbnail","hentry"],"yoast_head":"<!-- This site is optimized with the Yoast SEO plugin v19.8 - https:\/\/yoast.com\/wordpress\/plugins\/seo\/ -->\n<title>OB\u00d3Z LETNI 2026 - Stowarzyszenie 4tutti<\/title>\n<meta name=\"robots\" content=\"index, follow, max-snippet:-1, max-image-preview:large, max-video-preview:-1\" \/>\n<link rel=\"canonical\" href=\"https:\/\/4tutti.pl\/?page_id=6283\" \/>\n<meta property=\"og:locale\" content=\"pl_PL\" \/>\n<meta property=\"og:type\" content=\"article\" \/>\n<meta property=\"og:title\" content=\"OB\u00d3Z LETNI 2026 - Stowarzyszenie 4tutti\" \/>\n<meta property=\"og:description\" content=\"Ob\u00f3z letni \u201eLetni CAMP\u201d 2026 ! Pakujcie walizki, bo szykuje si\u0119 prawdziwa letnia przygoda! W dniach 9\u201317 sierpnia jedziemy na ob\u00f3z letni do &#8230;&#8230;&nbsp; JAROS\u0141AWCA&nbsp; Czeka nas:&nbsp; &nbsp;s\u0142o\u0144ce i morski klimat &nbsp;pla\u017ca, piasek i wakacyjny luz &nbsp;ruch, energia i \u015bwietna zabawa &nbsp;niezapomniane wspomnienia i letni vibe Szczeg\u00f3\u0142y programu, nocleg\u00f3w i atrakcji ju\u017c niebawem, ale jedno [&hellip;]\" \/>\n<meta property=\"og:url\" content=\"https:\/\/4tutti.pl\/?page_id=6283\" \/>\n<meta property=\"og:site_name\" content=\"Stowarzyszenie 4tutti\" \/>\n<meta property=\"article:modified_time\" content=\"2026-02-05T14:45:38+00:00\" \/>\n<meta property=\"og:image\" content=\"https:\/\/4tutti.pl\/wp-content\/uploads\/2024\/09\/67-1.jpg\" \/>\n\t<meta property=\"og:image:width\" content=\"1920\" \/>\n\t<meta property=\"og:image:height\" content=\"570\" \/>\n\t<meta property=\"og:image:type\" content=\"image\/jpeg\" \/>\n<meta name=\"twitter:card\" content=\"summary_large_image\" \/>\n<meta name=\"twitter:label1\" content=\"Szacowany czas czytania\" \/>\n\t<meta name=\"twitter:data1\" content=\"2 minuty\" \/>\n<script type=\"application\/ld+json\" class=\"yoast-schema-graph\">{\"@context\":\"https:\/\/schema.org\",\"@graph\":[{\"@type\":\"WebPage\",\"@id\":\"https:\/\/4tutti.pl\/?page_id=6283\",\"url\":\"https:\/\/4tutti.pl\/?page_id=6283\",\"name\":\"OB\u00d3Z LETNI 2026 - Stowarzyszenie 4tutti\",\"isPartOf\":{\"@id\":\"https:\/\/4tutti.pl\/#website\"},\"datePublished\":\"2026-01-07T14:35:56+00:00\",\"dateModified\":\"2026-02-05T14:45:38+00:00\",\"breadcrumb\":{\"@id\":\"https:\/\/4tutti.pl\/?page_id=6283#breadcrumb\"},\"inLanguage\":\"pl-PL\",\"potentialAction\":[{\"@type\":\"ReadAction\",\"target\":[\"https:\/\/4tutti.pl\/?page_id=6283\"]}]},{\"@type\":\"BreadcrumbList\",\"@id\":\"https:\/\/4tutti.pl\/?page_id=6283#breadcrumb\",\"itemListElement\":[{\"@type\":\"ListItem\",\"position\":1,\"name\":\"Strona g\u0142\u00f3wna\",\"item\":\"https:\/\/4tutti.pl\/\"},{\"@type\":\"ListItem\",\"position\":2,\"name\":\"Aktualno\u015bci\",\"item\":\"https:\/\/4tutti.pl\/?page_id=525\"},{\"@type\":\"ListItem\",\"position\":3,\"name\":\"NOWO\u015aCI\",\"item\":\"https:\/\/4tutti.pl\/?page_id=2609\"},{\"@type\":\"ListItem\",\"position\":4,\"name\":\"OB\u00d3Z LETNI 2026\"}]},{\"@type\":\"WebSite\",\"@id\":\"https:\/\/4tutti.pl\/#website\",\"url\":\"https:\/\/4tutti.pl\/\",\"name\":\"Stowarzyszenie 4tutti\",\"description\":\"P\u00f3\u0142kolonie, warsztaty dla dzieci\",\"potentialAction\":[{\"@type\":\"SearchAction\",\"target\":{\"@type\":\"EntryPoint\",\"urlTemplate\":\"https:\/\/4tutti.pl\/?s={search_term_string}\"},\"query-input\":\"required name=search_term_string\"}],\"inLanguage\":\"pl-PL\"}]}<\/script>\n<!-- \/ Yoast SEO plugin. -->","yoast_head_json":{"title":"OB\u00d3Z LETNI 2026 - Stowarzyszenie 4tutti","robots":{"index":"index","follow":"follow","max-snippet":"max-snippet:-1","max-image-preview":"max-image-preview:large","max-video-preview":"max-video-preview:-1"},"canonical":"https:\/\/4tutti.pl\/?page_id=6283","og_locale":"pl_PL","og_type":"article","og_title":"OB\u00d3Z LETNI 2026 - Stowarzyszenie 4tutti","og_description":"Ob\u00f3z letni \u201eLetni CAMP\u201d 2026 ! Pakujcie walizki, bo szykuje si\u0119 prawdziwa letnia przygoda! W dniach 9\u201317 sierpnia jedziemy na ob\u00f3z letni do &#8230;&#8230;&nbsp; JAROS\u0141AWCA&nbsp; Czeka nas:&nbsp; &nbsp;s\u0142o\u0144ce i morski klimat &nbsp;pla\u017ca, piasek i wakacyjny luz &nbsp;ruch, energia i \u015bwietna zabawa &nbsp;niezapomniane wspomnienia i letni vibe Szczeg\u00f3\u0142y programu, nocleg\u00f3w i atrakcji ju\u017c niebawem, ale jedno [&hellip;]","og_url":"https:\/\/4tutti.pl\/?page_id=6283","og_site_name":"Stowarzyszenie 4tutti","article_modified_time":"2026-02-05T14:45:38+00:00","og_image":[{"width":1920,"height":570,"url":"https:\/\/4tutti.pl\/wp-content\/uploads\/2024\/09\/67-1.jpg","type":"image\/jpeg"}],"twitter_card":"summary_large_image","twitter_misc":{"Szacowany czas czytania":"2 minuty"},"schema":{"@context":"https:\/\/schema.org","@graph":[{"@type":"WebPage","@id":"https:\/\/4tutti.pl\/?page_id=6283","url":"https:\/\/4tutti.pl\/?page_id=6283","name":"OB\u00d3Z LETNI 2026 - Stowarzyszenie 4tutti","isPartOf":{"@id":"https:\/\/4tutti.pl\/#website"},"datePublished":"2026-01-07T14:35:56+00:00","dateModified":"2026-02-05T14:45:38+00:00","breadcrumb":{"@id":"https:\/\/4tutti.pl\/?page_id=6283#breadcrumb"},"inLanguage":"pl-PL","potentialAction":[{"@type":"ReadAction","target":["https:\/\/4tutti.pl\/?page_id=6283"]}]},{"@type":"BreadcrumbList","@id":"https:\/\/4tutti.pl\/?page_id=6283#breadcrumb","itemListElement":[{"@type":"ListItem","position":1,"name":"Strona g\u0142\u00f3wna","item":"https:\/\/4tutti.pl\/"},{"@type":"ListItem","position":2,"name":"Aktualno\u015bci","item":"https:\/\/4tutti.pl\/?page_id=525"},{"@type":"ListItem","position":3,"name":"NOWO\u015aCI","item":"https:\/\/4tutti.pl\/?page_id=2609"},{"@type":"ListItem","position":4,"name":"OB\u00d3Z LETNI 2026"}]},{"@type":"WebSite","@id":"https:\/\/4tutti.pl\/#website","url":"https:\/\/4tutti.pl\/","name":"Stowarzyszenie 4tutti","description":"P\u00f3\u0142kolonie, warsztaty dla dzieci","potentialAction":[{"@type":"SearchAction","target":{"@type":"EntryPoint","urlTemplate":"https:\/\/4tutti.pl\/?s={search_term_string}"},"query-input":"required name=search_term_string"}],"inLanguage":"pl-PL"}]}},"_links":{"self":[{"href":"https:\/\/4tutti.pl\/index.php?rest_route=\/wp\/v2\/pages\/6283","targetHints":{"allow":["GET"]}}],"collection":[{"href":"https:\/\/4tutti.pl\/index.php?rest_route=\/wp\/v2\/pages"}],"about":[{"href":"https:\/\/4tutti.pl\/index.php?rest_route=\/wp\/v2\/types\/page"}],"author":[{"embeddable":true,"href":"https:\/\/4tutti.pl\/index.php?rest_route=\/wp\/v2\/users\/2"}],"replies":[{"embeddable":true,"href":"https:\/\/4tutti.pl\/index.php?rest_route=%2Fwp%2Fv2%2Fcomments&post=6283"}],"version-history":[{"count":2,"href":"https:\/\/4tutti.pl\/index.php?rest_route=\/wp\/v2\/pages\/6283\/revisions"}],"predecessor-version":[{"id":6451,"href":"https:\/\/4tutti.pl\/index.php?rest_route=\/wp\/v2\/pages\/6283\/revisions\/6451"}],"up":[{"embeddable":true,"href":"https:\/\/4tutti.pl\/index.php?rest_route=\/wp\/v2\/pages\/2609"}],"wp:featuredmedia":[{"embeddable":true,"href":"https:\/\/4tutti.pl\/index.php?rest_route=\/wp\/v2\/media\/4346"}],"wp:attachment":[{"href":"https:\/\/4tutti.pl\/index.php?rest_route=%2Fwp%2Fv2%2Fmedia&parent=6283"}],"curies":[{"name":"wp","href":"https:\/\/api.w.org\/{rel}","templated":true}]}}